{"id":401,"date":"2022-10-04T23:34:32","date_gmt":"2022-10-04T21:34:32","guid":{"rendered":"https:\/\/collegeguilhermy.wordpress.com\/?page_id=401"},"modified":"2023-02-03T16:46:52","modified_gmt":"2023-02-03T15:46:52","slug":"les-ados-et-les-ecrans","status":"publish","type":"page","link":"https:\/\/fcpe-college-sabineweiss.le-pic.org\/index.php\/les-ados-et-les-ecrans\/","title":{"rendered":"Les ados et les \u00e9crans, le harc\u00e8lement"},"content":{"rendered":"\n<p>Voici un document con\u00e7u par la FCPE pour aider les parents \u00e0 parler des bonnes pratiques du num\u00e9rique et des \u00e9crans avec leurs ados et conna\u00eetre les services et num\u00e9ros utiles pour s\u00e9curiser leur vie num\u00e9rique.<\/p>\n\n\n\n<p>Cliquer pour acc\u00e9der au <a href=\"https:\/\/collegeguilhermy.files.wordpress.com\/2022\/10\/bienvenueles6e_kitfamille_fcpe.pdf\" target=\"_blank\" rel=\"noreferrer noopener\">document<\/a>.<\/p>\n\n\n\n<div data-wp-interactive=\"core\/file\" class=\"wp-block-file\"><object data-wp-bind--hidden=\"!state.hasPdfPreview\" hidden class=\"wp-block-file__embed\" style=\"width: 100%; height: 600px;\" data=\"https:\/\/fcpe-college-sabineweiss.le-pic.org\/wp-content\/uploads\/2022\/10\/bienvenueles6e_kitfamille_fcpe-1.pdf\" type=\"application\/pdf\" width=\"300\" height=\"150\" aria-label=\"Contenu embarqu\u00e9 Contenu embarqu\u00e9 bienvenueles6e_kitfamille_fcpe-1..\"><\/object><a id=\"wp-block-file--media-42212522-43d5-4548-939a-b499a31e5a01\" href=\"https:\/\/fcpe-college-sabineweiss.le-pic.org\/wp-content\/uploads\/2022\/10\/bienvenueles6e_kitfamille_fcpe-1.pdf\">bienvenueles6e_kitfamille_fcpe-1<\/a><a class=\"wp-block-file__button\" href=\"https:\/\/fcpe-college-sabineweiss.le-pic.org\/wp-content\/uploads\/2022\/10\/bienvenueles6e_kitfamille_fcpe-1.pdf\" download=\"\" aria-describedby=\"wp-block-file--media-42212522-43d5-4548-939a-b499a31e5a01\">T\u00e9l\u00e9charger<\/a><\/div>\n\n\n\n<p>&nbsp;<\/p>\n\n\n\n<p>L\u2019objectif est d\u2019offrir un pendant bienveillant au tristement connu #anti2010 et de montrer que l\u2019entr\u00e9e en 6e est aussi un tournant dans la vie num\u00e9rique d\u2019un enfant qui n\u00e9cessite de l\u2019accompagnement pour l\u2019aider \u00e0 g\u00e9rer son identit\u00e9 num\u00e9rique, sa vie sociale sur les r\u00e9seaux et pr\u00e9venir le cyberharc\u00e8lement\u2026<\/p>\n\n\n\n<p><strong>Harc\u00e8lement\/ Padlet FCPE national<\/strong><\/p>\n\n\n\n<p>la FCPE a toujours d\u00e9fendu une \u00e9cole bienveillante qui, comme le proclame le pr\u00e9ambule de la CIDE, pr\u00e9parerait \u00ab pleinement l\u2019enfant \u00e0 avoir une vie individuelle dans la soci\u00e9t\u00e9, [l\u2019\u00e9l\u00e8verait] dans l\u2019esprit des id\u00e9aux proclam\u00e9s dans la Charte des Nations unies, et en particulier dans un esprit de paix, de dignit\u00e9, de tol\u00e9rance, de libert\u00e9, d\u2019\u00e9galit\u00e9 et de solidarit\u00e9 \u00bb<\/p>\n\n\n\n<p><a href=\"https:\/\/padlet.com\/FCPE_nationale\/NONauHARCELEMENT\" target=\"_blank\" rel=\"noreferrer noopener\">https:\/\/padlet.com\/FCPE_nationale\/NONauHARCELEMENT<\/a><\/p>\n\n\n\n<p><strong>FOCUS : Agir contre le cyberharc\u00e8lement <\/strong><\/p>\n\n\n\n<div data-wp-interactive=\"core\/file\" class=\"wp-block-file\"><object data-wp-bind--hidden=\"!state.hasPdfPreview\" hidden class=\"wp-block-file__embed\" data=\"https:\/\/fcpe-college-sabineweiss.le-pic.org\/wp-content\/uploads\/2023\/02\/Cyberharcelement_Famille_Ados_FCPE.pdf\" type=\"application\/pdf\" style=\"width:100%;height:600px\" aria-label=\"Contenu embarqu\u00e9 Cyberharcelement_Famille_Ados_FCPE.\"><\/object><a id=\"wp-block-file--media-df11db2b-c2bc-4320-81ea-02303799b890\" href=\"https:\/\/fcpe-college-sabineweiss.le-pic.org\/wp-content\/uploads\/2023\/02\/Cyberharcelement_Famille_Ados_FCPE.pdf\">Cyberharcelement_Famille_Ados_FCPE<\/a><a href=\"https:\/\/fcpe-college-sabineweiss.le-pic.org\/wp-content\/uploads\/2023\/02\/Cyberharcelement_Famille_Ados_FCPE.pdf\" class=\"wp-block-file__button wp-element-button\" download aria-describedby=\"wp-block-file--media-df11db2b-c2bc-4320-81ea-02303799b890\">T\u00e9l\u00e9charger<\/a><\/div>\n\n\n\n<p><\/p>\n\n\n\n<p><strong>Parents : d\u00e9celer les signes du harc\u00e8lement<\/strong><\/p>\n\n\n\n<div data-wp-interactive=\"core\/file\" class=\"wp-block-file\"><object data-wp-bind--hidden=\"!state.hasPdfPreview\" hidden class=\"wp-block-file__embed\" style=\"width: 100%; height: 600px;\" data=\"https:\/\/fcpe-college-sabineweiss.le-pic.org\/wp-content\/uploads\/2022\/10\/Parents-Signes-Harcelement.pdf\" type=\"application\/pdf\" width=\"300\" height=\"150\" aria-label=\"Contenu embarqu\u00e9 Contenu embarqu\u00e9 Parents-Signes-Harcelement..\"><\/object><a id=\"wp-block-file--media-0de00047-799d-49fe-bd53-0484b8d6fe48\" href=\"https:\/\/fcpe-college-sabineweiss.le-pic.org\/wp-content\/uploads\/2022\/10\/Parents-Signes-Harcelement.pdf\">Parents-Signes-Harcelement<\/a><a class=\"wp-block-file__button\" href=\"https:\/\/fcpe-college-sabineweiss.le-pic.org\/wp-content\/uploads\/2022\/10\/Parents-Signes-Harcelement.pdf\" download=\"\" aria-describedby=\"wp-block-file--media-0de00047-799d-49fe-bd53-0484b8d6fe48\">T\u00e9l\u00e9charger<\/a><\/div>\r\n<div>\u00a0<\/div>\r\n<div><strong>Les num\u00e9ros gratuits pour signaler des situations de harc\u00e8lement ou cyber harc\u00e8lement :<\/strong><\/div>\r\n<div><br \/>&#8211; harc\u00e8lement entre \u00e9l\u00e8ves : 3020<\/div>\r\n<div>\u00a0<\/div>\r\n<div>&#8211; cyber harc\u00e8lement : 3018 et t\u00e9l\u00e9chargement de l\u2019application 3018 \u00a0<\/div>\r\n<div><a href=\"https:\/\/apps.apple.com\/fr\/app\/3018\/id1602242493\" target=\"_blank\" rel=\"noopener\">iOS <\/a>ou\u00a0<a href=\"https:\/\/play.google.com\/store\/apps\/details?id=org.eenfance.android.app3018\" target=\"_blank\" rel=\"noopener\">Google play <\/a><\/div>\n\n\n\n<p><\/p>\n\n\n\n<p><\/p>\n","protected":false},"excerpt":{"rendered":"<p>Voici un document con\u00e7u par la FCPE pour aider les parents \u00e0 parler des bonnes pratiques du num\u00e9rique et des \u00e9crans avec leurs ados et conna\u00eetre les services et num\u00e9ros utiles pour s\u00e9curiser leur vie num\u00e9rique. Cliquer pour acc\u00e9der au document. &nbsp; L\u2019objectif est d\u2019offrir un pendant bienveillant au tristement connu #anti2010 et de montrer [&hellip;]<\/p>\n","protected":false},"author":2,"featured_media":0,"parent":0,"menu_order":0,"comment_status":"closed","ping_status":"closed","template":"","meta":{"footnotes":""},"class_list":["post-401","page","type-page","status-publish","hentry"],"yoast_head":"<!-- This site is optimized with the Yoast SEO plugin v27.4 - https:\/\/yoast.com\/product\/yoast-seo-wordpress\/ -->\n<title>Les ados et les \u00e9crans, le harc\u00e8lement - FCPE Coll\u00e8ge Sabine Weiss Toulouse<\/title>\n<meta name=\"robots\" content=\"index, follow, max-snippet:-1, max-image-preview:large, max-video-preview:-1\" \/>\n<link rel=\"canonical\" href=\"https:\/\/fcpe-college-sabineweiss.le-pic.org\/index.php\/les-ados-et-les-ecrans\/\" \/>\n<meta property=\"og:locale\" content=\"fr_FR\" \/>\n<meta property=\"og:type\" content=\"article\" \/>\n<meta property=\"og:title\" content=\"Les ados et les \u00e9crans, le harc\u00e8lement - FCPE Coll\u00e8ge Sabine Weiss Toulouse\" \/>\n<meta property=\"og:description\" content=\"Voici un document con\u00e7u par la FCPE pour aider les parents \u00e0 parler des bonnes pratiques du num\u00e9rique et des \u00e9crans avec leurs ados et conna\u00eetre les services et num\u00e9ros utiles pour s\u00e9curiser leur vie num\u00e9rique. Cliquer pour acc\u00e9der au document. &nbsp; L\u2019objectif est d\u2019offrir un pendant bienveillant au tristement connu #anti2010 et de montrer [&hellip;]\" \/>\n<meta property=\"og:url\" content=\"https:\/\/fcpe-college-sabineweiss.le-pic.org\/index.php\/les-ados-et-les-ecrans\/\" \/>\n<meta property=\"og:site_name\" content=\"FCPE Coll\u00e8ge Sabine Weiss Toulouse\" \/>\n<meta property=\"article:publisher\" content=\"https:\/\/www.facebook.com\/groups\/collegeguilhermy\" \/>\n<meta property=\"article:modified_time\" content=\"2023-02-03T15:46:52+00:00\" \/>\n<meta property=\"og:image\" content=\"https:\/\/fcpe-college-sabineweiss.le-pic.org\/wp-content\/uploads\/2022\/10\/cropped-banniere-site-internet-3.png\" \/>\n\t<meta property=\"og:image:width\" content=\"960\" \/>\n\t<meta property=\"og:image:height\" content=\"250\" \/>\n\t<meta property=\"og:image:type\" content=\"image\/png\" \/>\n<meta name=\"twitter:card\" content=\"summary_large_image\" \/>\n<meta name=\"twitter:label1\" content=\"Dur\u00e9e de lecture estim\u00e9e\" \/>\n\t<meta name=\"twitter:data1\" content=\"2 minutes\" \/>\n<script type=\"application\/ld+json\" class=\"yoast-schema-graph\">{\"@context\":\"https:\\\/\\\/schema.org\",\"@graph\":[{\"@type\":\"WebPage\",\"@id\":\"https:\\\/\\\/fcpe-college-sabineweiss.le-pic.org\\\/index.php\\\/les-ados-et-les-ecrans\\\/\",\"url\":\"https:\\\/\\\/fcpe-college-sabineweiss.le-pic.org\\\/index.php\\\/les-ados-et-les-ecrans\\\/\",\"name\":\"Les ados et les \u00e9crans, le harc\u00e8lement - FCPE Coll\u00e8ge Sabine Weiss Toulouse\",\"isPartOf\":{\"@id\":\"https:\\\/\\\/fcpe-college-sabineweiss.le-pic.org\\\/#website\"},\"datePublished\":\"2022-10-04T21:34:32+00:00\",\"dateModified\":\"2023-02-03T15:46:52+00:00\",\"breadcrumb\":{\"@id\":\"https:\\\/\\\/fcpe-college-sabineweiss.le-pic.org\\\/index.php\\\/les-ados-et-les-ecrans\\\/#breadcrumb\"},\"inLanguage\":\"fr-FR\",\"potentialAction\":[{\"@type\":\"ReadAction\",\"target\":[\"https:\\\/\\\/fcpe-college-sabineweiss.le-pic.org\\\/index.php\\\/les-ados-et-les-ecrans\\\/\"]}]},{\"@type\":\"BreadcrumbList\",\"@id\":\"https:\\\/\\\/fcpe-college-sabineweiss.le-pic.org\\\/index.php\\\/les-ados-et-les-ecrans\\\/#breadcrumb\",\"itemListElement\":[{\"@type\":\"ListItem\",\"position\":1,\"name\":\"Accueil\",\"item\":\"https:\\\/\\\/fcpe-college-sabineweiss.le-pic.org\\\/\"},{\"@type\":\"ListItem\",\"position\":2,\"name\":\"Les ados et les \u00e9crans, le harc\u00e8lement\"}]},{\"@type\":\"WebSite\",\"@id\":\"https:\\\/\\\/fcpe-college-sabineweiss.le-pic.org\\\/#website\",\"url\":\"https:\\\/\\\/fcpe-college-sabineweiss.le-pic.org\\\/\",\"name\":\"FCPE Coll\u00e8ge Sabine Weiss Toulouse\",\"description\":\"Agir, informer et repr\u00e9senter les parents d&#039;\u00e9l\u00e8ves du coll\u00e8ge Sabine Weiss de Toulouse (ex-Guilhermy)\",\"publisher\":{\"@id\":\"https:\\\/\\\/fcpe-college-sabineweiss.le-pic.org\\\/#organization\"},\"potentialAction\":[{\"@type\":\"SearchAction\",\"target\":{\"@type\":\"EntryPoint\",\"urlTemplate\":\"https:\\\/\\\/fcpe-college-sabineweiss.le-pic.org\\\/?s={search_term_string}\"},\"query-input\":{\"@type\":\"PropertyValueSpecification\",\"valueRequired\":true,\"valueName\":\"search_term_string\"}}],\"inLanguage\":\"fr-FR\"},{\"@type\":\"Organization\",\"@id\":\"https:\\\/\\\/fcpe-college-sabineweiss.le-pic.org\\\/#organization\",\"name\":\"FCPE Coll\u00e8ge Sabine Weiss Toulouse\",\"url\":\"https:\\\/\\\/fcpe-college-sabineweiss.le-pic.org\\\/\",\"logo\":{\"@type\":\"ImageObject\",\"inLanguage\":\"fr-FR\",\"@id\":\"https:\\\/\\\/fcpe-college-sabineweiss.le-pic.org\\\/#\\\/schema\\\/logo\\\/image\\\/\",\"url\":\"https:\\\/\\\/fcpe-college-sabineweiss.le-pic.org\\\/wp-content\\\/uploads\\\/2022\\\/10\\\/College.png\",\"contentUrl\":\"https:\\\/\\\/fcpe-college-sabineweiss.le-pic.org\\\/wp-content\\\/uploads\\\/2022\\\/10\\\/College.png\",\"width\":500,\"height\":500,\"caption\":\"FCPE Coll\u00e8ge Sabine Weiss Toulouse\"},\"image\":{\"@id\":\"https:\\\/\\\/fcpe-college-sabineweiss.le-pic.org\\\/#\\\/schema\\\/logo\\\/image\\\/\"},\"sameAs\":[\"https:\\\/\\\/www.facebook.com\\\/groups\\\/collegeguilhermy\"]}]}<\/script>\n<!-- \/ Yoast SEO plugin. -->","yoast_head_json":{"title":"Les ados et les \u00e9crans, le harc\u00e8lement - FCPE Coll\u00e8ge Sabine Weiss Toulouse","robots":{"index":"index","follow":"follow","max-snippet":"max-snippet:-1","max-image-preview":"max-image-preview:large","max-video-preview":"max-video-preview:-1"},"canonical":"https:\/\/fcpe-college-sabineweiss.le-pic.org\/index.php\/les-ados-et-les-ecrans\/","og_locale":"fr_FR","og_type":"article","og_title":"Les ados et les \u00e9crans, le harc\u00e8lement - FCPE Coll\u00e8ge Sabine Weiss Toulouse","og_description":"Voici un document con\u00e7u par la FCPE pour aider les parents \u00e0 parler des bonnes pratiques du num\u00e9rique et des \u00e9crans avec leurs ados et conna\u00eetre les services et num\u00e9ros utiles pour s\u00e9curiser leur vie num\u00e9rique. Cliquer pour acc\u00e9der au document. &nbsp; L\u2019objectif est d\u2019offrir un pendant bienveillant au tristement connu #anti2010 et de montrer [&hellip;]","og_url":"https:\/\/fcpe-college-sabineweiss.le-pic.org\/index.php\/les-ados-et-les-ecrans\/","og_site_name":"FCPE Coll\u00e8ge Sabine Weiss Toulouse","article_publisher":"https:\/\/www.facebook.com\/groups\/collegeguilhermy","article_modified_time":"2023-02-03T15:46:52+00:00","og_image":[{"width":960,"height":250,"url":"https:\/\/fcpe-college-sabineweiss.le-pic.org\/wp-content\/uploads\/2022\/10\/cropped-banniere-site-internet-3.png","type":"image\/png"}],"twitter_card":"summary_large_image","twitter_misc":{"Dur\u00e9e de lecture estim\u00e9e":"2 minutes"},"schema":{"@context":"https:\/\/schema.org","@graph":[{"@type":"WebPage","@id":"https:\/\/fcpe-college-sabineweiss.le-pic.org\/index.php\/les-ados-et-les-ecrans\/","url":"https:\/\/fcpe-college-sabineweiss.le-pic.org\/index.php\/les-ados-et-les-ecrans\/","name":"Les ados et les \u00e9crans, le harc\u00e8lement - FCPE Coll\u00e8ge Sabine Weiss Toulouse","isPartOf":{"@id":"https:\/\/fcpe-college-sabineweiss.le-pic.org\/#website"},"datePublished":"2022-10-04T21:34:32+00:00","dateModified":"2023-02-03T15:46:52+00:00","breadcrumb":{"@id":"https:\/\/fcpe-college-sabineweiss.le-pic.org\/index.php\/les-ados-et-les-ecrans\/#breadcrumb"},"inLanguage":"fr-FR","potentialAction":[{"@type":"ReadAction","target":["https:\/\/fcpe-college-sabineweiss.le-pic.org\/index.php\/les-ados-et-les-ecrans\/"]}]},{"@type":"BreadcrumbList","@id":"https:\/\/fcpe-college-sabineweiss.le-pic.org\/index.php\/les-ados-et-les-ecrans\/#breadcrumb","itemListElement":[{"@type":"ListItem","position":1,"name":"Accueil","item":"https:\/\/fcpe-college-sabineweiss.le-pic.org\/"},{"@type":"ListItem","position":2,"name":"Les ados et les \u00e9crans, le harc\u00e8lement"}]},{"@type":"WebSite","@id":"https:\/\/fcpe-college-sabineweiss.le-pic.org\/#website","url":"https:\/\/fcpe-college-sabineweiss.le-pic.org\/","name":"FCPE Coll\u00e8ge Sabine Weiss Toulouse","description":"Agir, informer et repr\u00e9senter les parents d&#039;\u00e9l\u00e8ves du coll\u00e8ge Sabine Weiss de Toulouse (ex-Guilhermy)","publisher":{"@id":"https:\/\/fcpe-college-sabineweiss.le-pic.org\/#organization"},"potentialAction":[{"@type":"SearchAction","target":{"@type":"EntryPoint","urlTemplate":"https:\/\/fcpe-college-sabineweiss.le-pic.org\/?s={search_term_string}"},"query-input":{"@type":"PropertyValueSpecification","valueRequired":true,"valueName":"search_term_string"}}],"inLanguage":"fr-FR"},{"@type":"Organization","@id":"https:\/\/fcpe-college-sabineweiss.le-pic.org\/#organization","name":"FCPE Coll\u00e8ge Sabine Weiss Toulouse","url":"https:\/\/fcpe-college-sabineweiss.le-pic.org\/","logo":{"@type":"ImageObject","inLanguage":"fr-FR","@id":"https:\/\/fcpe-college-sabineweiss.le-pic.org\/#\/schema\/logo\/image\/","url":"https:\/\/fcpe-college-sabineweiss.le-pic.org\/wp-content\/uploads\/2022\/10\/College.png","contentUrl":"https:\/\/fcpe-college-sabineweiss.le-pic.org\/wp-content\/uploads\/2022\/10\/College.png","width":500,"height":500,"caption":"FCPE Coll\u00e8ge Sabine Weiss Toulouse"},"image":{"@id":"https:\/\/fcpe-college-sabineweiss.le-pic.org\/#\/schema\/logo\/image\/"},"sameAs":["https:\/\/www.facebook.com\/groups\/collegeguilhermy"]}]}},"_links":{"self":[{"href":"https:\/\/fcpe-college-sabineweiss.le-pic.org\/index.php\/wp-json\/wp\/v2\/pages\/401","targetHints":{"allow":["GET"]}}],"collection":[{"href":"https:\/\/fcpe-college-sabineweiss.le-pic.org\/index.php\/wp-json\/wp\/v2\/pages"}],"about":[{"href":"https:\/\/fcpe-college-sabineweiss.le-pic.org\/index.php\/wp-json\/wp\/v2\/types\/page"}],"author":[{"embeddable":true,"href":"https:\/\/fcpe-college-sabineweiss.le-pic.org\/index.php\/wp-json\/wp\/v2\/users\/2"}],"replies":[{"embeddable":true,"href":"https:\/\/fcpe-college-sabineweiss.le-pic.org\/index.php\/wp-json\/wp\/v2\/comments?post=401"}],"version-history":[{"count":7,"href":"https:\/\/fcpe-college-sabineweiss.le-pic.org\/index.php\/wp-json\/wp\/v2\/pages\/401\/revisions"}],"predecessor-version":[{"id":932,"href":"https:\/\/fcpe-college-sabineweiss.le-pic.org\/index.php\/wp-json\/wp\/v2\/pages\/401\/revisions\/932"}],"wp:attachment":[{"href":"https:\/\/fcpe-college-sabineweiss.le-pic.org\/index.php\/wp-json\/wp\/v2\/media?parent=401"}],"curies":[{"name":"wp","href":"https:\/\/api.w.org\/{rel}","templated":true}]}}