{"id":395,"date":"2022-10-04T23:12:37","date_gmt":"2022-10-04T21:12:37","guid":{"rendered":"https:\/\/collegeguilhermy.wordpress.com\/?page_id=395"},"modified":"2022-10-15T18:26:14","modified_gmt":"2022-10-15T16:26:14","slug":"remplacement-des-professeurs-absents","status":"publish","type":"page","link":"https:\/\/fcpe-college-sabineweiss.le-pic.org\/index.php\/remplacement-des-professeurs-absents\/","title":{"rendered":"Remplacement des professeurs absents"},"content":{"rendered":"\n<figure class=\"wp-block-image\"><img decoding=\"async\" src=\"https:\/\/image.jimcdn.com\/app\/cms\/image\/transf\/none\/path\/sa78685549236ea8c\/image\/ib1e00d66d20e27d7\/version\/1499023884\/image.jpg\" alt=\"\"\/><\/figure>\n\n\n\n<p>Selon un rapport de l&rsquo;Inspection G\u00e9n\u00e9rale de l\u2019\u00c9ducation Nationale, chaque enfant perd une ann\u00e9e de scolarit\u00e9 lorsqu&rsquo;il fait la somme de toutes les heures de cours non assur\u00e9es, faute de remplacement des enseignants. Il n\u2019est pas acceptable&nbsp;que tant de cours&nbsp;ne soient pas assur\u00e9s, de la maternelle \u00e0 la terminale.<\/p>\n\n\n\n<p><br>C\u2019est pourquoi la FCPE vous propose de\u00a0<em><strong>signaler sur ce site le non-remplacement d\u2019un ou plusieurs enseignants dans l\u2019\u00e9tablissement o\u00f9 vous \u00eates parents d\u2019\u00e9l\u00e8ves<\/strong><\/em>. Une fois collect\u00e9es et analys\u00e9es, ces informations nous serviront de base pour revendiquer postes et remplacements p\u00e9rennes aupr\u00e8s de l\u2019\u00c9ducation Nationale. Pour acc\u00e9der au site : <a rel=\"noreferrer noopener\" href=\"http:\/\/ouyapacours.fcpe.asso.fr\/\" target=\"_blank\">http:\/\/ouyapacours.fcpe.asso.fr<\/a>.<\/p>\n","protected":false},"excerpt":{"rendered":"<p>Selon un rapport de l&rsquo;Inspection G\u00e9n\u00e9rale de l\u2019\u00c9ducation Nationale, chaque enfant perd une ann\u00e9e de scolarit\u00e9 lorsqu&rsquo;il fait la somme de toutes les heures de cours non assur\u00e9es, faute de remplacement des enseignants. Il n\u2019est pas acceptable&nbsp;que tant de cours&nbsp;ne soient pas assur\u00e9s, de la maternelle \u00e0 la terminale. C\u2019est pourquoi la FCPE vous propose [&hellip;]<\/p>\n","protected":false},"author":2,"featured_media":0,"parent":0,"menu_order":0,"comment_status":"closed","ping_status":"closed","template":"","meta":{"footnotes":""},"class_list":["post-395","page","type-page","status-publish","hentry"],"yoast_head":"<!-- This site is optimized with the Yoast SEO plugin v27.4 - https:\/\/yoast.com\/product\/yoast-seo-wordpress\/ -->\n<title>Remplacement des professeurs absents - FCPE Coll\u00e8ge Sabine Weiss Toulouse<\/title>\n<meta name=\"robots\" content=\"index, follow, max-snippet:-1, max-image-preview:large, max-video-preview:-1\" \/>\n<link rel=\"canonical\" href=\"https:\/\/fcpe-college-sabineweiss.le-pic.org\/index.php\/remplacement-des-professeurs-absents\/\" \/>\n<meta property=\"og:locale\" content=\"fr_FR\" \/>\n<meta property=\"og:type\" content=\"article\" \/>\n<meta property=\"og:title\" content=\"Remplacement des professeurs absents - FCPE Coll\u00e8ge Sabine Weiss Toulouse\" \/>\n<meta property=\"og:description\" content=\"Selon un rapport de l&rsquo;Inspection G\u00e9n\u00e9rale de l\u2019\u00c9ducation Nationale, chaque enfant perd une ann\u00e9e de scolarit\u00e9 lorsqu&rsquo;il fait la somme de toutes les heures de cours non assur\u00e9es, faute de remplacement des enseignants. Il n\u2019est pas acceptable&nbsp;que tant de cours&nbsp;ne soient pas assur\u00e9s, de la maternelle \u00e0 la terminale. C\u2019est pourquoi la FCPE vous propose [&hellip;]\" \/>\n<meta property=\"og:url\" content=\"https:\/\/fcpe-college-sabineweiss.le-pic.org\/index.php\/remplacement-des-professeurs-absents\/\" \/>\n<meta property=\"og:site_name\" content=\"FCPE Coll\u00e8ge Sabine Weiss Toulouse\" \/>\n<meta property=\"article:publisher\" content=\"https:\/\/www.facebook.com\/groups\/collegeguilhermy\" \/>\n<meta property=\"article:modified_time\" content=\"2022-10-15T16:26:14+00:00\" \/>\n<meta property=\"og:image\" content=\"https:\/\/image.jimcdn.com\/app\/cms\/image\/transf\/none\/path\/sa78685549236ea8c\/image\/ib1e00d66d20e27d7\/version\/1499023884\/image.jpg\" \/>\n<meta name=\"twitter:card\" content=\"summary_large_image\" \/>\n<meta name=\"twitter:label1\" content=\"Dur\u00e9e de lecture estim\u00e9e\" \/>\n\t<meta name=\"twitter:data1\" content=\"1 minute\" \/>\n<script type=\"application\/ld+json\" class=\"yoast-schema-graph\">{\"@context\":\"https:\\\/\\\/schema.org\",\"@graph\":[{\"@type\":\"WebPage\",\"@id\":\"https:\\\/\\\/fcpe-college-sabineweiss.le-pic.org\\\/index.php\\\/remplacement-des-professeurs-absents\\\/\",\"url\":\"https:\\\/\\\/fcpe-college-sabineweiss.le-pic.org\\\/index.php\\\/remplacement-des-professeurs-absents\\\/\",\"name\":\"Remplacement des professeurs absents - FCPE Coll\u00e8ge Sabine Weiss Toulouse\",\"isPartOf\":{\"@id\":\"https:\\\/\\\/fcpe-college-sabineweiss.le-pic.org\\\/#website\"},\"primaryImageOfPage\":{\"@id\":\"https:\\\/\\\/fcpe-college-sabineweiss.le-pic.org\\\/index.php\\\/remplacement-des-professeurs-absents\\\/#primaryimage\"},\"image\":{\"@id\":\"https:\\\/\\\/fcpe-college-sabineweiss.le-pic.org\\\/index.php\\\/remplacement-des-professeurs-absents\\\/#primaryimage\"},\"thumbnailUrl\":\"https:\\\/\\\/image.jimcdn.com\\\/app\\\/cms\\\/image\\\/transf\\\/none\\\/path\\\/sa78685549236ea8c\\\/image\\\/ib1e00d66d20e27d7\\\/version\\\/1499023884\\\/image.jpg\",\"datePublished\":\"2022-10-04T21:12:37+00:00\",\"dateModified\":\"2022-10-15T16:26:14+00:00\",\"breadcrumb\":{\"@id\":\"https:\\\/\\\/fcpe-college-sabineweiss.le-pic.org\\\/index.php\\\/remplacement-des-professeurs-absents\\\/#breadcrumb\"},\"inLanguage\":\"fr-FR\",\"potentialAction\":[{\"@type\":\"ReadAction\",\"target\":[\"https:\\\/\\\/fcpe-college-sabineweiss.le-pic.org\\\/index.php\\\/remplacement-des-professeurs-absents\\\/\"]}]},{\"@type\":\"ImageObject\",\"inLanguage\":\"fr-FR\",\"@id\":\"https:\\\/\\\/fcpe-college-sabineweiss.le-pic.org\\\/index.php\\\/remplacement-des-professeurs-absents\\\/#primaryimage\",\"url\":\"https:\\\/\\\/image.jimcdn.com\\\/app\\\/cms\\\/image\\\/transf\\\/none\\\/path\\\/sa78685549236ea8c\\\/image\\\/ib1e00d66d20e27d7\\\/version\\\/1499023884\\\/image.jpg\",\"contentUrl\":\"https:\\\/\\\/image.jimcdn.com\\\/app\\\/cms\\\/image\\\/transf\\\/none\\\/path\\\/sa78685549236ea8c\\\/image\\\/ib1e00d66d20e27d7\\\/version\\\/1499023884\\\/image.jpg\"},{\"@type\":\"BreadcrumbList\",\"@id\":\"https:\\\/\\\/fcpe-college-sabineweiss.le-pic.org\\\/index.php\\\/remplacement-des-professeurs-absents\\\/#breadcrumb\",\"itemListElement\":[{\"@type\":\"ListItem\",\"position\":1,\"name\":\"Accueil\",\"item\":\"https:\\\/\\\/fcpe-college-sabineweiss.le-pic.org\\\/\"},{\"@type\":\"ListItem\",\"position\":2,\"name\":\"Remplacement des professeurs absents\"}]},{\"@type\":\"WebSite\",\"@id\":\"https:\\\/\\\/fcpe-college-sabineweiss.le-pic.org\\\/#website\",\"url\":\"https:\\\/\\\/fcpe-college-sabineweiss.le-pic.org\\\/\",\"name\":\"FCPE Coll\u00e8ge Sabine Weiss Toulouse\",\"description\":\"Agir, informer et repr\u00e9senter les parents d&#039;\u00e9l\u00e8ves du coll\u00e8ge Sabine Weiss de Toulouse (ex-Guilhermy)\",\"publisher\":{\"@id\":\"https:\\\/\\\/fcpe-college-sabineweiss.le-pic.org\\\/#organization\"},\"potentialAction\":[{\"@type\":\"SearchAction\",\"target\":{\"@type\":\"EntryPoint\",\"urlTemplate\":\"https:\\\/\\\/fcpe-college-sabineweiss.le-pic.org\\\/?s={search_term_string}\"},\"query-input\":{\"@type\":\"PropertyValueSpecification\",\"valueRequired\":true,\"valueName\":\"search_term_string\"}}],\"inLanguage\":\"fr-FR\"},{\"@type\":\"Organization\",\"@id\":\"https:\\\/\\\/fcpe-college-sabineweiss.le-pic.org\\\/#organization\",\"name\":\"FCPE Coll\u00e8ge Sabine Weiss Toulouse\",\"url\":\"https:\\\/\\\/fcpe-college-sabineweiss.le-pic.org\\\/\",\"logo\":{\"@type\":\"ImageObject\",\"inLanguage\":\"fr-FR\",\"@id\":\"https:\\\/\\\/fcpe-college-sabineweiss.le-pic.org\\\/#\\\/schema\\\/logo\\\/image\\\/\",\"url\":\"https:\\\/\\\/fcpe-college-sabineweiss.le-pic.org\\\/wp-content\\\/uploads\\\/2022\\\/10\\\/College.png\",\"contentUrl\":\"https:\\\/\\\/fcpe-college-sabineweiss.le-pic.org\\\/wp-content\\\/uploads\\\/2022\\\/10\\\/College.png\",\"width\":500,\"height\":500,\"caption\":\"FCPE Coll\u00e8ge Sabine Weiss Toulouse\"},\"image\":{\"@id\":\"https:\\\/\\\/fcpe-college-sabineweiss.le-pic.org\\\/#\\\/schema\\\/logo\\\/image\\\/\"},\"sameAs\":[\"https:\\\/\\\/www.facebook.com\\\/groups\\\/collegeguilhermy\"]}]}<\/script>\n<!-- \/ Yoast SEO plugin. -->","yoast_head_json":{"title":"Remplacement des professeurs absents - FCPE Coll\u00e8ge Sabine Weiss Toulouse","robots":{"index":"index","follow":"follow","max-snippet":"max-snippet:-1","max-image-preview":"max-image-preview:large","max-video-preview":"max-video-preview:-1"},"canonical":"https:\/\/fcpe-college-sabineweiss.le-pic.org\/index.php\/remplacement-des-professeurs-absents\/","og_locale":"fr_FR","og_type":"article","og_title":"Remplacement des professeurs absents - FCPE Coll\u00e8ge Sabine Weiss Toulouse","og_description":"Selon un rapport de l&rsquo;Inspection G\u00e9n\u00e9rale de l\u2019\u00c9ducation Nationale, chaque enfant perd une ann\u00e9e de scolarit\u00e9 lorsqu&rsquo;il fait la somme de toutes les heures de cours non assur\u00e9es, faute de remplacement des enseignants. Il n\u2019est pas acceptable&nbsp;que tant de cours&nbsp;ne soient pas assur\u00e9s, de la maternelle \u00e0 la terminale. C\u2019est pourquoi la FCPE vous propose [&hellip;]","og_url":"https:\/\/fcpe-college-sabineweiss.le-pic.org\/index.php\/remplacement-des-professeurs-absents\/","og_site_name":"FCPE Coll\u00e8ge Sabine Weiss Toulouse","article_publisher":"https:\/\/www.facebook.com\/groups\/collegeguilhermy","article_modified_time":"2022-10-15T16:26:14+00:00","og_image":[{"url":"https:\/\/image.jimcdn.com\/app\/cms\/image\/transf\/none\/path\/sa78685549236ea8c\/image\/ib1e00d66d20e27d7\/version\/1499023884\/image.jpg","type":"","width":"","height":""}],"twitter_card":"summary_large_image","twitter_misc":{"Dur\u00e9e de lecture estim\u00e9e":"1 minute"},"schema":{"@context":"https:\/\/schema.org","@graph":[{"@type":"WebPage","@id":"https:\/\/fcpe-college-sabineweiss.le-pic.org\/index.php\/remplacement-des-professeurs-absents\/","url":"https:\/\/fcpe-college-sabineweiss.le-pic.org\/index.php\/remplacement-des-professeurs-absents\/","name":"Remplacement des professeurs absents - FCPE Coll\u00e8ge Sabine Weiss Toulouse","isPartOf":{"@id":"https:\/\/fcpe-college-sabineweiss.le-pic.org\/#website"},"primaryImageOfPage":{"@id":"https:\/\/fcpe-college-sabineweiss.le-pic.org\/index.php\/remplacement-des-professeurs-absents\/#primaryimage"},"image":{"@id":"https:\/\/fcpe-college-sabineweiss.le-pic.org\/index.php\/remplacement-des-professeurs-absents\/#primaryimage"},"thumbnailUrl":"https:\/\/image.jimcdn.com\/app\/cms\/image\/transf\/none\/path\/sa78685549236ea8c\/image\/ib1e00d66d20e27d7\/version\/1499023884\/image.jpg","datePublished":"2022-10-04T21:12:37+00:00","dateModified":"2022-10-15T16:26:14+00:00","breadcrumb":{"@id":"https:\/\/fcpe-college-sabineweiss.le-pic.org\/index.php\/remplacement-des-professeurs-absents\/#breadcrumb"},"inLanguage":"fr-FR","potentialAction":[{"@type":"ReadAction","target":["https:\/\/fcpe-college-sabineweiss.le-pic.org\/index.php\/remplacement-des-professeurs-absents\/"]}]},{"@type":"ImageObject","inLanguage":"fr-FR","@id":"https:\/\/fcpe-college-sabineweiss.le-pic.org\/index.php\/remplacement-des-professeurs-absents\/#primaryimage","url":"https:\/\/image.jimcdn.com\/app\/cms\/image\/transf\/none\/path\/sa78685549236ea8c\/image\/ib1e00d66d20e27d7\/version\/1499023884\/image.jpg","contentUrl":"https:\/\/image.jimcdn.com\/app\/cms\/image\/transf\/none\/path\/sa78685549236ea8c\/image\/ib1e00d66d20e27d7\/version\/1499023884\/image.jpg"},{"@type":"BreadcrumbList","@id":"https:\/\/fcpe-college-sabineweiss.le-pic.org\/index.php\/remplacement-des-professeurs-absents\/#breadcrumb","itemListElement":[{"@type":"ListItem","position":1,"name":"Accueil","item":"https:\/\/fcpe-college-sabineweiss.le-pic.org\/"},{"@type":"ListItem","position":2,"name":"Remplacement des professeurs absents"}]},{"@type":"WebSite","@id":"https:\/\/fcpe-college-sabineweiss.le-pic.org\/#website","url":"https:\/\/fcpe-college-sabineweiss.le-pic.org\/","name":"FCPE Coll\u00e8ge Sabine Weiss Toulouse","description":"Agir, informer et repr\u00e9senter les parents d&#039;\u00e9l\u00e8ves du coll\u00e8ge Sabine Weiss de Toulouse (ex-Guilhermy)","publisher":{"@id":"https:\/\/fcpe-college-sabineweiss.le-pic.org\/#organization"},"potentialAction":[{"@type":"SearchAction","target":{"@type":"EntryPoint","urlTemplate":"https:\/\/fcpe-college-sabineweiss.le-pic.org\/?s={search_term_string}"},"query-input":{"@type":"PropertyValueSpecification","valueRequired":true,"valueName":"search_term_string"}}],"inLanguage":"fr-FR"},{"@type":"Organization","@id":"https:\/\/fcpe-college-sabineweiss.le-pic.org\/#organization","name":"FCPE Coll\u00e8ge Sabine Weiss Toulouse","url":"https:\/\/fcpe-college-sabineweiss.le-pic.org\/","logo":{"@type":"ImageObject","inLanguage":"fr-FR","@id":"https:\/\/fcpe-college-sabineweiss.le-pic.org\/#\/schema\/logo\/image\/","url":"https:\/\/fcpe-college-sabineweiss.le-pic.org\/wp-content\/uploads\/2022\/10\/College.png","contentUrl":"https:\/\/fcpe-college-sabineweiss.le-pic.org\/wp-content\/uploads\/2022\/10\/College.png","width":500,"height":500,"caption":"FCPE Coll\u00e8ge Sabine Weiss Toulouse"},"image":{"@id":"https:\/\/fcpe-college-sabineweiss.le-pic.org\/#\/schema\/logo\/image\/"},"sameAs":["https:\/\/www.facebook.com\/groups\/collegeguilhermy"]}]}},"_links":{"self":[{"href":"https:\/\/fcpe-college-sabineweiss.le-pic.org\/index.php\/wp-json\/wp\/v2\/pages\/395","targetHints":{"allow":["GET"]}}],"collection":[{"href":"https:\/\/fcpe-college-sabineweiss.le-pic.org\/index.php\/wp-json\/wp\/v2\/pages"}],"about":[{"href":"https:\/\/fcpe-college-sabineweiss.le-pic.org\/index.php\/wp-json\/wp\/v2\/types\/page"}],"author":[{"embeddable":true,"href":"https:\/\/fcpe-college-sabineweiss.le-pic.org\/index.php\/wp-json\/wp\/v2\/users\/2"}],"replies":[{"embeddable":true,"href":"https:\/\/fcpe-college-sabineweiss.le-pic.org\/index.php\/wp-json\/wp\/v2\/comments?post=395"}],"version-history":[{"count":1,"href":"https:\/\/fcpe-college-sabineweiss.le-pic.org\/index.php\/wp-json\/wp\/v2\/pages\/395\/revisions"}],"predecessor-version":[{"id":631,"href":"https:\/\/fcpe-college-sabineweiss.le-pic.org\/index.php\/wp-json\/wp\/v2\/pages\/395\/revisions\/631"}],"wp:attachment":[{"href":"https:\/\/fcpe-college-sabineweiss.le-pic.org\/index.php\/wp-json\/wp\/v2\/media?parent=395"}],"curies":[{"name":"wp","href":"https:\/\/api.w.org\/{rel}","templated":true}]}}