{"id":223,"date":"2022-10-04T11:06:21","date_gmt":"2022-10-04T09:06:21","guid":{"rendered":"https:\/\/collegeguilhermy.wordpress.com\/?page_id=223"},"modified":"2022-10-04T11:06:21","modified_gmt":"2022-10-04T09:06:21","slug":"le-conseil-de-discipline","status":"publish","type":"page","link":"https:\/\/fcpe-college-sabineweiss.le-pic.org\/index.php\/le-conseil-de-discipline\/","title":{"rendered":"Le Conseil de Discipline (CD)"},"content":{"rendered":"\n<h6 class=\"wp-block-heading\"><strong>R\u00d4LE<\/strong><\/h6>\n\n\n\n<p>Le conseil de discipline est comp\u00e9tent pour prononcer \u00e0 l\u2019encontre des \u00e9l\u00e8ves l\u2019ensemble des sanctions pr\u00e9vues par la r\u00e9glementation en vigueur et inscrites dans le r\u00e8glement int\u00e9rieur de l\u2019\u00e9tablissement public local d\u2019enseignement (EPLE).<\/p>\n\n\n\n<p><strong>Rappels :<\/strong><\/p>\n\n\n\n<ul class=\"wp-block-list\">\n<li>les punitions ne rel\u00e8vent pas du conseil de discipline ;<\/li>\n\n\n\n<li>la convocation de conseils de discipline ne saurait tenir lieu de politique de pr\u00e9vention. Celle-ci est \u00e9labor\u00e9e et d\u00e9finie dans le cadre du projet d\u2019\u00e9tablissement. Les modalit\u00e9s de sa mise en \u0153uvre sont inscrites au r\u00e8glement int\u00e9rieur. Les punitions, sanctions ainsi que le r\u00f4le de la commission \u00e9ducative et la possibilit\u00e9 de recourir \u00e0 des mesures de responsabilisation y sont pr\u00e9cis\u00e9s.<\/li>\n<\/ul>\n\n\n\n<h6 class=\"wp-block-heading\"><strong>SAISINE ET LIEU DE R\u00c9UNION<\/strong><\/h6>\n\n\n\n<p>La d\u00e9cision de r\u00e9unir le conseil de discipline, \u00e0 la demande d\u2019un membre de la communaut\u00e9 \u00e9ducative ou de sa propre initiative, appartient au chef d\u2019\u00e9tablissement.<\/p>\n\n\n\n<p>S\u2019il rejette une demande de saisine, le chef d\u2019\u00e9tablissement notifie par \u00e9crit \u00e0 l\u2019int\u00e9ress\u00e9 sa d\u00e9cision de refus motiv\u00e9e.<\/p>\n\n\n\n<p>La d\u00e9cision d\u2019engagement ou de refus d\u2019engagement par le chef d\u2019\u00e9tablissement d\u2019une proc\u00e9dure disciplinaire n\u2019est pas susceptible de faire l\u2019objet de recours en annulation devant le juge administratif.<\/p>\n\n\n\n<p>Il peut prononcer seul les sanctions, sauf l\u2019exclusion d\u00e9finitive, ainsi que les mesures de pr\u00e9vention, d\u2019accompagnement et les mesures alternatives aux sanctions pr\u00e9vues au r\u00e8glement int\u00e9rieur.<\/p>\n\n\n\n<p>Le chef d\u2019\u00e9tablissement est tenu d\u2019engager une proc\u00e9dure disciplinaire si l\u2019\u00e9l\u00e8ve est l\u2019auteur de violence verbale ou physique \u00e0 l\u2019\u00e9gard d\u2019un membre du personnel de l\u2019\u00e9tablissement ou s\u2019il commet un acte grave \u00e0 l\u2019\u00e9gard d\u2019un membre du personnel ou d\u2019un autre \u00e9l\u00e8ve.<\/p>\n\n\n\n<p>Il est tenu de saisir le conseil de discipline lorsqu\u2019un membre du personnel de l\u2019\u00e9tablissement a \u00e9t\u00e9 victime de violence physique.<\/p>\n\n\n\n<p>S\u2019il estime que la r\u00e9union du conseil de discipline dans les locaux de l\u2019\u00e9tablissement risque d\u2019entra\u00eener des troubles, le chef d\u2019\u00e9tablissement peut d\u00e9cider de le r\u00e9unir dans un autre EPLE ou, le cas \u00e9ch\u00e9ant, dans les locaux de la direction des services d\u00e9partementaux de l\u2019\u00e9ducation nationale.<\/p>\n\n\n\n<p>Il peut, pour les m\u00eames raisons, saisir le conseil de discipline d\u00e9partemental.<\/p>\n\n\n\n<h6 class=\"wp-block-heading\"><strong>COMPOSITION DU CONSEIL DE DISCIPLINE<\/strong><\/h6>\n\n\n\n<ul class=\"wp-block-list\">\n<li>Le chef d\u2019\u00e9tablissement ;<\/li>\n\n\n\n<li>son adjoint ;<\/li>\n\n\n\n<li>un conseiller principal d\u2019\u00e9ducation d\u00e9sign\u00e9 par le conseil d\u2019administration sur proposition du chef d\u2019\u00e9tablissement&nbsp;;<\/li>\n\n\n\n<li>le gestionnaire ;<\/li>\n\n\n\n<li>5 repr\u00e9sentants des personnels, dont 4 au titre des personnels d\u2019enseignement et d\u2019\u00e9ducation et 1 au titre des personnels administratifs, sociaux et de sant\u00e9 et ATT (agents techniques territoriaux) ;<\/li>\n\n\n\n<li>5 repr\u00e9sentants des usagers (en coll\u00e8ge, 3 parents + 2 \u00e9l\u00e8ves).<\/li>\n<\/ul>\n\n\n\n<p><strong>Pour plus d\u2019infos voir :\u00a0<\/strong><a href=\"https:\/\/www.service-public.fr\/particuliers\/recherche?keyword=conseil+de+discipline\">https:\/\/www.service-public.fr\/particuliers\/recherche?keyword=conseil+de+discipline<\/a><\/p>\n\n\n\n<figure class=\"wp-block-image size-large\"><img loading=\"lazy\" decoding=\"async\" width=\"1366\" height=\"768\" src=\"https:\/\/fcpe-guilhermy-st1.le-pic.org\/wp-content\/uploads\/2022\/10\/reunion3-1.png?w=1024\" alt=\"\" class=\"wp-image-343\" srcset=\"https:\/\/fcpe-college-sabineweiss.le-pic.org\/wp-content\/uploads\/2022\/10\/reunion3-1.png 1366w, https:\/\/fcpe-college-sabineweiss.le-pic.org\/wp-content\/uploads\/2022\/10\/reunion3-1-300x169.png 300w, https:\/\/fcpe-college-sabineweiss.le-pic.org\/wp-content\/uploads\/2022\/10\/reunion3-1-1024x576.png 1024w, https:\/\/fcpe-college-sabineweiss.le-pic.org\/wp-content\/uploads\/2022\/10\/reunion3-1-768x432.png 768w\" sizes=\"auto, (max-width: 1366px) 100vw, 1366px\" \/><\/figure>\n","protected":false},"excerpt":{"rendered":"<p>R\u00d4LE Le conseil de discipline est comp\u00e9tent pour prononcer \u00e0 l\u2019encontre des \u00e9l\u00e8ves l\u2019ensemble des sanctions pr\u00e9vues par la r\u00e9glementation en vigueur et inscrites dans le r\u00e8glement int\u00e9rieur de l\u2019\u00e9tablissement public local d\u2019enseignement (EPLE). Rappels : SAISINE ET LIEU DE R\u00c9UNION La d\u00e9cision de r\u00e9unir le conseil de discipline, \u00e0 la demande d\u2019un membre de [&hellip;]<\/p>\n","protected":false},"author":2,"featured_media":0,"parent":0,"menu_order":0,"comment_status":"closed","ping_status":"closed","template":"","meta":{"footnotes":""},"class_list":["post-223","page","type-page","status-publish","hentry"],"yoast_head":"<!-- This site is optimized with the Yoast SEO plugin v27.4 - https:\/\/yoast.com\/product\/yoast-seo-wordpress\/ -->\n<title>Le Conseil de Discipline (CD) - FCPE Coll\u00e8ge Sabine Weiss Toulouse<\/title>\n<meta name=\"robots\" content=\"index, follow, max-snippet:-1, max-image-preview:large, max-video-preview:-1\" \/>\n<link rel=\"canonical\" href=\"https:\/\/fcpe-college-sabineweiss.le-pic.org\/index.php\/le-conseil-de-discipline\/\" \/>\n<meta property=\"og:locale\" content=\"fr_FR\" \/>\n<meta property=\"og:type\" content=\"article\" \/>\n<meta property=\"og:title\" content=\"Le Conseil de Discipline (CD) - FCPE Coll\u00e8ge Sabine Weiss Toulouse\" \/>\n<meta property=\"og:description\" content=\"R\u00d4LE Le conseil de discipline est comp\u00e9tent pour prononcer \u00e0 l\u2019encontre des \u00e9l\u00e8ves l\u2019ensemble des sanctions pr\u00e9vues par la r\u00e9glementation en vigueur et inscrites dans le r\u00e8glement int\u00e9rieur de l\u2019\u00e9tablissement public local d\u2019enseignement (EPLE). Rappels : SAISINE ET LIEU DE R\u00c9UNION La d\u00e9cision de r\u00e9unir le conseil de discipline, \u00e0 la demande d\u2019un membre de [&hellip;]\" \/>\n<meta property=\"og:url\" content=\"https:\/\/fcpe-college-sabineweiss.le-pic.org\/index.php\/le-conseil-de-discipline\/\" \/>\n<meta property=\"og:site_name\" content=\"FCPE Coll\u00e8ge Sabine Weiss Toulouse\" \/>\n<meta property=\"article:publisher\" content=\"https:\/\/www.facebook.com\/groups\/collegeguilhermy\" \/>\n<meta property=\"og:image\" content=\"https:\/\/fcpe-guilhermy-st1.le-pic.org\/wp-content\/uploads\/2022\/10\/reunion3-1.png?w=1024\" \/>\n<meta name=\"twitter:card\" content=\"summary_large_image\" \/>\n<meta name=\"twitter:label1\" content=\"Dur\u00e9e de lecture estim\u00e9e\" \/>\n\t<meta name=\"twitter:data1\" content=\"2 minutes\" \/>\n<script type=\"application\/ld+json\" class=\"yoast-schema-graph\">{\"@context\":\"https:\\\/\\\/schema.org\",\"@graph\":[{\"@type\":\"WebPage\",\"@id\":\"https:\\\/\\\/fcpe-college-sabineweiss.le-pic.org\\\/index.php\\\/le-conseil-de-discipline\\\/\",\"url\":\"https:\\\/\\\/fcpe-college-sabineweiss.le-pic.org\\\/index.php\\\/le-conseil-de-discipline\\\/\",\"name\":\"Le Conseil de Discipline (CD) - FCPE Coll\u00e8ge Sabine Weiss Toulouse\",\"isPartOf\":{\"@id\":\"https:\\\/\\\/fcpe-college-sabineweiss.le-pic.org\\\/#website\"},\"primaryImageOfPage\":{\"@id\":\"https:\\\/\\\/fcpe-college-sabineweiss.le-pic.org\\\/index.php\\\/le-conseil-de-discipline\\\/#primaryimage\"},\"image\":{\"@id\":\"https:\\\/\\\/fcpe-college-sabineweiss.le-pic.org\\\/index.php\\\/le-conseil-de-discipline\\\/#primaryimage\"},\"thumbnailUrl\":\"https:\\\/\\\/fcpe-guilhermy-st1.le-pic.org\\\/wp-content\\\/uploads\\\/2022\\\/10\\\/reunion3-1.png?w=1024\",\"datePublished\":\"2022-10-04T09:06:21+00:00\",\"breadcrumb\":{\"@id\":\"https:\\\/\\\/fcpe-college-sabineweiss.le-pic.org\\\/index.php\\\/le-conseil-de-discipline\\\/#breadcrumb\"},\"inLanguage\":\"fr-FR\",\"potentialAction\":[{\"@type\":\"ReadAction\",\"target\":[\"https:\\\/\\\/fcpe-college-sabineweiss.le-pic.org\\\/index.php\\\/le-conseil-de-discipline\\\/\"]}]},{\"@type\":\"ImageObject\",\"inLanguage\":\"fr-FR\",\"@id\":\"https:\\\/\\\/fcpe-college-sabineweiss.le-pic.org\\\/index.php\\\/le-conseil-de-discipline\\\/#primaryimage\",\"url\":\"https:\\\/\\\/fcpe-guilhermy-st1.le-pic.org\\\/wp-content\\\/uploads\\\/2022\\\/10\\\/reunion3-1.png?w=1024\",\"contentUrl\":\"https:\\\/\\\/fcpe-guilhermy-st1.le-pic.org\\\/wp-content\\\/uploads\\\/2022\\\/10\\\/reunion3-1.png?w=1024\"},{\"@type\":\"BreadcrumbList\",\"@id\":\"https:\\\/\\\/fcpe-college-sabineweiss.le-pic.org\\\/index.php\\\/le-conseil-de-discipline\\\/#breadcrumb\",\"itemListElement\":[{\"@type\":\"ListItem\",\"position\":1,\"name\":\"Accueil\",\"item\":\"https:\\\/\\\/fcpe-college-sabineweiss.le-pic.org\\\/\"},{\"@type\":\"ListItem\",\"position\":2,\"name\":\"Le Conseil de Discipline (CD)\"}]},{\"@type\":\"WebSite\",\"@id\":\"https:\\\/\\\/fcpe-college-sabineweiss.le-pic.org\\\/#website\",\"url\":\"https:\\\/\\\/fcpe-college-sabineweiss.le-pic.org\\\/\",\"name\":\"FCPE Coll\u00e8ge Sabine Weiss Toulouse\",\"description\":\"Agir, informer et repr\u00e9senter les parents d&#039;\u00e9l\u00e8ves du coll\u00e8ge Sabine Weiss de Toulouse (ex-Guilhermy)\",\"publisher\":{\"@id\":\"https:\\\/\\\/fcpe-college-sabineweiss.le-pic.org\\\/#organization\"},\"potentialAction\":[{\"@type\":\"SearchAction\",\"target\":{\"@type\":\"EntryPoint\",\"urlTemplate\":\"https:\\\/\\\/fcpe-college-sabineweiss.le-pic.org\\\/?s={search_term_string}\"},\"query-input\":{\"@type\":\"PropertyValueSpecification\",\"valueRequired\":true,\"valueName\":\"search_term_string\"}}],\"inLanguage\":\"fr-FR\"},{\"@type\":\"Organization\",\"@id\":\"https:\\\/\\\/fcpe-college-sabineweiss.le-pic.org\\\/#organization\",\"name\":\"FCPE Coll\u00e8ge Sabine Weiss Toulouse\",\"url\":\"https:\\\/\\\/fcpe-college-sabineweiss.le-pic.org\\\/\",\"logo\":{\"@type\":\"ImageObject\",\"inLanguage\":\"fr-FR\",\"@id\":\"https:\\\/\\\/fcpe-college-sabineweiss.le-pic.org\\\/#\\\/schema\\\/logo\\\/image\\\/\",\"url\":\"https:\\\/\\\/fcpe-college-sabineweiss.le-pic.org\\\/wp-content\\\/uploads\\\/2022\\\/10\\\/College.png\",\"contentUrl\":\"https:\\\/\\\/fcpe-college-sabineweiss.le-pic.org\\\/wp-content\\\/uploads\\\/2022\\\/10\\\/College.png\",\"width\":500,\"height\":500,\"caption\":\"FCPE Coll\u00e8ge Sabine Weiss Toulouse\"},\"image\":{\"@id\":\"https:\\\/\\\/fcpe-college-sabineweiss.le-pic.org\\\/#\\\/schema\\\/logo\\\/image\\\/\"},\"sameAs\":[\"https:\\\/\\\/www.facebook.com\\\/groups\\\/collegeguilhermy\"]}]}<\/script>\n<!-- \/ Yoast SEO plugin. -->","yoast_head_json":{"title":"Le Conseil de Discipline (CD) - FCPE Coll\u00e8ge Sabine Weiss Toulouse","robots":{"index":"index","follow":"follow","max-snippet":"max-snippet:-1","max-image-preview":"max-image-preview:large","max-video-preview":"max-video-preview:-1"},"canonical":"https:\/\/fcpe-college-sabineweiss.le-pic.org\/index.php\/le-conseil-de-discipline\/","og_locale":"fr_FR","og_type":"article","og_title":"Le Conseil de Discipline (CD) - FCPE Coll\u00e8ge Sabine Weiss Toulouse","og_description":"R\u00d4LE Le conseil de discipline est comp\u00e9tent pour prononcer \u00e0 l\u2019encontre des \u00e9l\u00e8ves l\u2019ensemble des sanctions pr\u00e9vues par la r\u00e9glementation en vigueur et inscrites dans le r\u00e8glement int\u00e9rieur de l\u2019\u00e9tablissement public local d\u2019enseignement (EPLE). Rappels : SAISINE ET LIEU DE R\u00c9UNION La d\u00e9cision de r\u00e9unir le conseil de discipline, \u00e0 la demande d\u2019un membre de [&hellip;]","og_url":"https:\/\/fcpe-college-sabineweiss.le-pic.org\/index.php\/le-conseil-de-discipline\/","og_site_name":"FCPE Coll\u00e8ge Sabine Weiss Toulouse","article_publisher":"https:\/\/www.facebook.com\/groups\/collegeguilhermy","og_image":[{"url":"https:\/\/fcpe-guilhermy-st1.le-pic.org\/wp-content\/uploads\/2022\/10\/reunion3-1.png?w=1024","type":"","width":"","height":""}],"twitter_card":"summary_large_image","twitter_misc":{"Dur\u00e9e de lecture estim\u00e9e":"2 minutes"},"schema":{"@context":"https:\/\/schema.org","@graph":[{"@type":"WebPage","@id":"https:\/\/fcpe-college-sabineweiss.le-pic.org\/index.php\/le-conseil-de-discipline\/","url":"https:\/\/fcpe-college-sabineweiss.le-pic.org\/index.php\/le-conseil-de-discipline\/","name":"Le Conseil de Discipline (CD) - FCPE Coll\u00e8ge Sabine Weiss Toulouse","isPartOf":{"@id":"https:\/\/fcpe-college-sabineweiss.le-pic.org\/#website"},"primaryImageOfPage":{"@id":"https:\/\/fcpe-college-sabineweiss.le-pic.org\/index.php\/le-conseil-de-discipline\/#primaryimage"},"image":{"@id":"https:\/\/fcpe-college-sabineweiss.le-pic.org\/index.php\/le-conseil-de-discipline\/#primaryimage"},"thumbnailUrl":"https:\/\/fcpe-guilhermy-st1.le-pic.org\/wp-content\/uploads\/2022\/10\/reunion3-1.png?w=1024","datePublished":"2022-10-04T09:06:21+00:00","breadcrumb":{"@id":"https:\/\/fcpe-college-sabineweiss.le-pic.org\/index.php\/le-conseil-de-discipline\/#breadcrumb"},"inLanguage":"fr-FR","potentialAction":[{"@type":"ReadAction","target":["https:\/\/fcpe-college-sabineweiss.le-pic.org\/index.php\/le-conseil-de-discipline\/"]}]},{"@type":"ImageObject","inLanguage":"fr-FR","@id":"https:\/\/fcpe-college-sabineweiss.le-pic.org\/index.php\/le-conseil-de-discipline\/#primaryimage","url":"https:\/\/fcpe-guilhermy-st1.le-pic.org\/wp-content\/uploads\/2022\/10\/reunion3-1.png?w=1024","contentUrl":"https:\/\/fcpe-guilhermy-st1.le-pic.org\/wp-content\/uploads\/2022\/10\/reunion3-1.png?w=1024"},{"@type":"BreadcrumbList","@id":"https:\/\/fcpe-college-sabineweiss.le-pic.org\/index.php\/le-conseil-de-discipline\/#breadcrumb","itemListElement":[{"@type":"ListItem","position":1,"name":"Accueil","item":"https:\/\/fcpe-college-sabineweiss.le-pic.org\/"},{"@type":"ListItem","position":2,"name":"Le Conseil de Discipline (CD)"}]},{"@type":"WebSite","@id":"https:\/\/fcpe-college-sabineweiss.le-pic.org\/#website","url":"https:\/\/fcpe-college-sabineweiss.le-pic.org\/","name":"FCPE Coll\u00e8ge Sabine Weiss Toulouse","description":"Agir, informer et repr\u00e9senter les parents d&#039;\u00e9l\u00e8ves du coll\u00e8ge Sabine Weiss de Toulouse (ex-Guilhermy)","publisher":{"@id":"https:\/\/fcpe-college-sabineweiss.le-pic.org\/#organization"},"potentialAction":[{"@type":"SearchAction","target":{"@type":"EntryPoint","urlTemplate":"https:\/\/fcpe-college-sabineweiss.le-pic.org\/?s={search_term_string}"},"query-input":{"@type":"PropertyValueSpecification","valueRequired":true,"valueName":"search_term_string"}}],"inLanguage":"fr-FR"},{"@type":"Organization","@id":"https:\/\/fcpe-college-sabineweiss.le-pic.org\/#organization","name":"FCPE Coll\u00e8ge Sabine Weiss Toulouse","url":"https:\/\/fcpe-college-sabineweiss.le-pic.org\/","logo":{"@type":"ImageObject","inLanguage":"fr-FR","@id":"https:\/\/fcpe-college-sabineweiss.le-pic.org\/#\/schema\/logo\/image\/","url":"https:\/\/fcpe-college-sabineweiss.le-pic.org\/wp-content\/uploads\/2022\/10\/College.png","contentUrl":"https:\/\/fcpe-college-sabineweiss.le-pic.org\/wp-content\/uploads\/2022\/10\/College.png","width":500,"height":500,"caption":"FCPE Coll\u00e8ge Sabine Weiss Toulouse"},"image":{"@id":"https:\/\/fcpe-college-sabineweiss.le-pic.org\/#\/schema\/logo\/image\/"},"sameAs":["https:\/\/www.facebook.com\/groups\/collegeguilhermy"]}]}},"_links":{"self":[{"href":"https:\/\/fcpe-college-sabineweiss.le-pic.org\/index.php\/wp-json\/wp\/v2\/pages\/223","targetHints":{"allow":["GET"]}}],"collection":[{"href":"https:\/\/fcpe-college-sabineweiss.le-pic.org\/index.php\/wp-json\/wp\/v2\/pages"}],"about":[{"href":"https:\/\/fcpe-college-sabineweiss.le-pic.org\/index.php\/wp-json\/wp\/v2\/types\/page"}],"author":[{"embeddable":true,"href":"https:\/\/fcpe-college-sabineweiss.le-pic.org\/index.php\/wp-json\/wp\/v2\/users\/2"}],"replies":[{"embeddable":true,"href":"https:\/\/fcpe-college-sabineweiss.le-pic.org\/index.php\/wp-json\/wp\/v2\/comments?post=223"}],"version-history":[{"count":0,"href":"https:\/\/fcpe-college-sabineweiss.le-pic.org\/index.php\/wp-json\/wp\/v2\/pages\/223\/revisions"}],"wp:attachment":[{"href":"https:\/\/fcpe-college-sabineweiss.le-pic.org\/index.php\/wp-json\/wp\/v2\/media?parent=223"}],"curies":[{"name":"wp","href":"https:\/\/api.w.org\/{rel}","templated":true}]}}